{"id":272,"date":"2017-09-22T15:27:35","date_gmt":"2017-09-22T18:27:35","guid":{"rendered":"http:\/\/padrevasquez.com.ar\/inicio_WP\/?page_id=272"},"modified":"2020-11-11T10:15:08","modified_gmt":"2020-11-11T13:15:08","slug":"sobre-nosotros","status":"publish","type":"page","link":"https:\/\/padrevasquez.com.ar\/inicio_WP\/sobre-nosotros\/","title":{"rendered":"Sobre nosotros"},"content":{"rendered":"<h1 style=\"text-align: center;\">Sobre nosotros<\/h1>\n<p>En lo que sigue, cuando se de diga &#8220;LA INSTITUCI\u00d3N&#8221;, se debe entender al &#8220;Colegio e Instituto Privado Padre V\u00e1squez&#8221;, sea en el Nivel Inicial, Nivel Primario y\/o Nivel Secundario, seg\u00fan corresponda. La Orden de la Merced es la propietaria legal de LA INSTITUCI\u00d3N.<\/p>\n<h2>Mensaje de bienvenida de la Orden y de la Instituci\u00f3n<\/h2>\n<p>El Proyecto Educativo Mercedario es fruto de un proceso de participaci\u00f3n y consenso entre los Colegios Mercedarios en Argentina, todos con sus ra\u00edces m\u00e1s profundas en la espiritualidad mercedaria. La identidad de nuestros centros educativos mercedarios se expresa en su car\u00e1cter humanista, cat\u00f3lico y en su pertenencia a \u201cNuestra Se\u00f1ora de La Merced\u201d. Con una real preocupaci\u00f3n por la excelencia acad\u00e9mica, la importancia del valor de lo educativo y su relevancia social se ordenan en ese car\u00e1cter. Como comunidad evangelizadora, LA INSTITUCI\u00d3N asume el valor de la cultura-raz\u00f3n por la cual le permite liberarse y liberar.<br \/>\nLa simple inscripci\u00f3n de los estudiantes en LA INSTITUCI\u00d3N constituye una aceptaci\u00f3n explicita de los objetivos, orientaciones y normas de LA INSTITUCI\u00d3N, comprometi\u00e9ndose las Madres, Padres o Tutores a apoyar su concreci\u00f3n.<\/p>\n<p>&nbsp;<\/p>\n<div class=\"pdfprnt-buttons pdfprnt-buttons-page pdfprnt-bottom-right\"><a href=\"https:\/\/padrevasquez.com.ar\/inicio_WP\/wp-json\/wp\/v2\/pages\/272?print=pdf\" class=\"pdfprnt-button pdfprnt-button-pdf\" target=\"_blank\"><img src=\"https:\/\/padrevasquez.com.ar\/inicio_WP\/wp-content\/plugins\/pdf-print\/images\/pdf.png\" alt=\"image_pdf\" title=\"View PDF\" \/><span class=\"pdfprnt-button-title pdfprnt-button-pdf-title\">Convertir a PDF<\/span><\/a><a href=\"https:\/\/padrevasquez.com.ar\/inicio_WP\/wp-json\/wp\/v2\/pages\/272?print=print\" class=\"pdfprnt-button pdfprnt-button-print\" target=\"_blank\"><img src=\"https:\/\/padrevasquez.com.ar\/inicio_WP\/wp-content\/plugins\/pdf-print\/images\/print.png\" alt=\"image_print\" title=\"Print Content\" \/><span class=\"pdfprnt-button-title pdfprnt-button-print-title\">Imprimir<\/span><\/a><\/div>","protected":false},"excerpt":{"rendered":"<p>Sobre nosotros En lo que sigue, cuando se de diga &#8220;LA INSTITUCI\u00d3N&#8221;, se debe entender al &#8220;Colegio e Instituto Privado Padre V\u00e1squez&#8221;, sea en el Nivel Inicial, Nivel Primario y\/o Nivel Secundario, seg\u00fan corresponda. La Orden de la Merced es la propietaria legal de LA INSTITUCI\u00d3N. Mensaje de bienvenida de la Orden y de la Instituci\u00f3n El Proyecto Educativo Mercedario es fruto de un proceso de participaci\u00f3n y consenso entre los Colegios Mercedarios en Argentina, todos con sus ra\u00edces m\u00e1s <a href=\"https:\/\/padrevasquez.com.ar\/inicio_WP\/sobre-nosotros\/\" class=\"more-link\"><span>. . .<\/span><\/a><\/p>\n","protected":false},"author":1,"featured_media":0,"parent":0,"menu_order":0,"comment_status":"closed","ping_status":"closed","template":"","meta":{"_themeisle_gutenberg_block_has_review":false},"_links":{"self":[{"href":"https:\/\/padrevasquez.com.ar\/inicio_WP\/wp-json\/wp\/v2\/pages\/272"}],"collection":[{"href":"https:\/\/padrevasquez.com.ar\/inicio_WP\/wp-json\/wp\/v2\/pages"}],"about":[{"href":"https:\/\/padrevasquez.com.ar\/inicio_WP\/wp-json\/wp\/v2\/types\/page"}],"author":[{"embeddable":true,"href":"https:\/\/padrevasquez.com.ar\/inicio_WP\/wp-json\/wp\/v2\/users\/1"}],"replies":[{"embeddable":true,"href":"https:\/\/padrevasquez.com.ar\/inicio_WP\/wp-json\/wp\/v2\/comments?post=272"}],"version-history":[{"count":4,"href":"https:\/\/padrevasquez.com.ar\/inicio_WP\/wp-json\/wp\/v2\/pages\/272\/revisions"}],"predecessor-version":[{"id":1299,"href":"https:\/\/padrevasquez.com.ar\/inicio_WP\/wp-json\/wp\/v2\/pages\/272\/revisions\/1299"}],"wp:attachment":[{"href":"https:\/\/padrevasquez.com.ar\/inicio_WP\/wp-json\/wp\/v2\/media?parent=272"}],"curies":[{"name":"wp","href":"https:\/\/api.w.org\/{rel}","templated":true}]}}