{"id":274,"date":"2017-09-22T20:59:19","date_gmt":"2017-09-22T23:59:19","guid":{"rendered":"http:\/\/padrevasquez.com.ar\/inicio_WP\/?page_id=274"},"modified":"2020-11-11T09:58:50","modified_gmt":"2020-11-11T12:58:50","slug":"nuestros-100-anos-de-historia","status":"publish","type":"page","link":"https:\/\/padrevasquez.com.ar\/inicio_WP\/nuestros-100-anos-de-historia\/","title":{"rendered":"Nuestros 100 a\u00f1os de historia"},"content":{"rendered":"<h1 style=\"text-align: center;\">100 a\u00f1os de historia: Historia del camino<\/h1>\n<h2>Los grandes momentos del Colegio e Instituto Padre V\u00e1squez<\/h2>\n<h3>1918<\/h3>\n<p>El 24 de mayo de 1918, La Orden de la Merced por medio del Padre Alfredo VERA, funda la escuela primaria Padre V\u00e1squez, funcionando como escuela nocturna. As\u00ed funcion\u00f3 hasta pasar al turno tarde. Un diario de la \u00e9poca se refer\u00eda a este hecho como \u201cun \u00e9xito del padre Alfredo VERA , cuyo esp\u00edritu inquieto y combativo se ha puesto siempre de relieve en obras de filantrop\u00eda y de progreso&#8221;. Actualmente cuenta con 21 divisiones, tres de cada a\u00f1o de primero a s\u00e9ptimo a\u00f1o.<\/p>\n<h3>1957<\/h3>\n<p>El Padre Fray Venancio MARTIN, a pedido de un grupo de padres , crea el Instituto Padre V\u00c1SQUEZ Nivel Secundario. Comienza como colegio Adscripto al Colegio Nacional San Mart\u00edn y hoy cuenta con 17 divisiones: 4 primeros , 4 segundos , 3 terceros, 3 cuartos y 3 quintos a\u00f1os.<\/p>\n<h3>1975<\/h3>\n<p>Creaci\u00f3n del Nivel Inicial, que comienza a funcionar con sala de 5 a\u00f1os. En el a\u00f1o 2000 comienzan a funcionar las salas de 3 y 4 a\u00f1os. Hoy tiene 9 salas: 3 de cada uno de los a\u00f1os 3, 4, 5.<\/p>\n<h3>Algunos recuerdos en im\u00e1genes<\/h3>\n<p><img loading=\"lazy\" class=\" alignleft\" src=\"http:\/\/padrevasquez.com.ar\/inicio_WP\/wp-content\/uploads\/2017\/09\/foto1.png\" alt=\"Foto entrada\" width=\"488\" height=\"254\" \/>En 1918 comienza a funcionar la Escuela Padre V\u00c1SQUEZ en un edificio lindante al templo de Nuestra Se\u00f1ora de la Merced que se observa en la foto. La escuela fue fundada por el Padre Fray VERA y atend\u00eda a la poblaci\u00f3n de alumnos de la zona rural del Departamento de Maip\u00fa en la Provincia de Mendoza. En 1926 se inauguran instalaciones del Colegio que han quedado en fotograf\u00edas.<\/p>\n<p><img loading=\"lazy\" class=\"size-medium aligncenter\" src=\"http:\/\/padrevasquez.com.ar\/inicio_WP\/wp-content\/uploads\/2017\/09\/foto2.png\" alt=\"Foto de autoridades\" width=\"673\" height=\"357\" \/><\/p>\n<p>Del a\u00f1o 1930 se conservan una foto escolar, otra del frente del Colegio y la banda de m\u00fasica.<\/p>\n<table border=\"0\" width=\"100%\">\n<tbody>\n<tr>\n<td> <img loading=\"lazy\" class=\" aligncenter\" src=\"http:\/\/padrevasquez.com.ar\/inicio_WP\/wp-content\/uploads\/2017\/09\/foto3.png\" alt=\"Alumnos\" width=\"613\" height=\"338\" \/><\/td>\n<\/tr>\n<tr>\n<td> <img loading=\"lazy\" class=\" aligncenter\" src=\"http:\/\/padrevasquez.com.ar\/inicio_WP\/wp-content\/uploads\/2017\/09\/foto4.png\" alt=\"Alumnos\" width=\"613\" height=\"338\" \/><\/td>\n<\/tr>\n<tr>\n<td> <img loading=\"lazy\" class=\" aligncenter\" src=\"http:\/\/padrevasquez.com.ar\/inicio_WP\/wp-content\/uploads\/2017\/09\/foto5.png\" alt=\"Alumnos\" width=\"613\" height=\"338\" \/><\/td>\n<\/tr>\n<\/tbody>\n<\/table>\n<p>De las d\u00e9cadas de 1940 a 1960 se han encontrado fotograf\u00edas de clases de educaci\u00f3n f\u00edsica del nivel secundario, grupos de docentes y alumnos nivel primario:<\/p>\n<table border=\"0\" width=\"100%\">\n<tbody>\n<tr>\n<td> <img loading=\"lazy\" class=\" aligncenter\" src=\"http:\/\/padrevasquez.com.ar\/inicio_WP\/wp-content\/uploads\/2017\/09\/foto7.png\" alt=\"Alumnos\" width=\"613\" height=\"338\" \/><\/td>\n<\/tr>\n<tr>\n<td> <img loading=\"lazy\" class=\" aligncenter\" src=\"http:\/\/padrevasquez.com.ar\/inicio_WP\/wp-content\/uploads\/2017\/09\/foto8.png\" alt=\"Alumnos\" width=\"613\" height=\"338\" \/><\/td>\n<\/tr>\n<tr>\n<td> <img loading=\"lazy\" class=\" aligncenter\" src=\"http:\/\/padrevasquez.com.ar\/inicio_WP\/wp-content\/uploads\/2017\/09\/foto9.png\" alt=\"Alumnos\" width=\"613\" height=\"338\" \/><\/td>\n<\/tr>\n<\/tbody>\n<\/table>\n<p>En 1959 se construyen ampliaciones del Colegio en planta baja.<\/p>\n<table border=\"0\" width=\"100%\">\n<tbody>\n<tr>\n<td> <img loading=\"lazy\" class=\" aligncenter\" src=\"http:\/\/padrevasquez.com.ar\/inicio_WP\/wp-content\/uploads\/2017\/09\/foto10.png\" alt=\"Alumnos\" width=\"613\" height=\"338\" \/><\/td>\n<\/tr>\n<tr>\n<td> <img loading=\"lazy\" class=\" aligncenter\" src=\"http:\/\/padrevasquez.com.ar\/inicio_WP\/wp-content\/uploads\/2017\/09\/foto11.png\" alt=\"Alumnos\" width=\"613\" height=\"338\" \/><\/td>\n<\/tr>\n<\/tbody>\n<\/table>\n<p>En la d\u00e9cada de 1960, los registros fotogr\u00e1ficos muestra al Padre MARTIN reunido con docentes y alumnos de la promoci\u00f3n 1963 (la importancia de la lectura es evidente, los estudiantes est\u00e1n leyendo sus libros al rev\u00e9s!!!). En el a\u00f1o 1965, bajo la representaci\u00f3n legal y direcci\u00f3n del Padre Fray Venancio MARTIN, el Colegio contaba con un colectivo escolar para trasladar a los alumnos y docentes a salidas educativas y tambi\u00e9n, en algunos casos, a los alumnos con dificultades para llegar al Colegio. El colectivo era conducido por el propio Padre MARTIN. Con el colectivo escolar como fondo, los Padres Fray Venancio MARTIN y Fray Manuel CARO junto al personal del nivel primario en una salida formativa.<\/p>\n<table border=\"0\" width=\"100%\">\n<tbody>\n<tr>\n<td> <img loading=\"lazy\" class=\" aligncenter\" src=\"http:\/\/padrevasquez.com.ar\/inicio_WP\/wp-content\/uploads\/2017\/09\/foto13.png\" alt=\"Alumnos\" width=\"613\" height=\"338\" \/><\/td>\n<\/tr>\n<tr>\n<td> <img loading=\"lazy\" class=\" aligncenter\" src=\"http:\/\/padrevasquez.com.ar\/inicio_WP\/wp-content\/uploads\/2017\/09\/foto15.png\" alt=\"Alumnos\" width=\"613\" height=\"338\" \/><\/td>\n<\/tr>\n<tr>\n<td> <img loading=\"lazy\" class=\" aligncenter\" src=\"http:\/\/padrevasquez.com.ar\/inicio_WP\/wp-content\/uploads\/2017\/09\/foto16.png\" alt=\"Alumnos\" width=\"613\" height=\"338\" \/><\/td>\n<\/tr>\n<\/tbody>\n<\/table>\n<p>Hacia finales de la d\u00e9cada de 1960 y principios de la d\u00e9cada de 1970, la participaci\u00f3n del Colegio en un evento deportivo, donde se conmemoran las bodas de oro del nivel primario, la pasada de un desfile c\u00edvico militar donde se ve al Padre MARTIN acompa\u00f1ando a los alumnos del secundario, que al egresar, realizaban parte de sus festejos en la fuente de la plaza departamental:<\/p>\n<table border=\"0\" width=\"100%\">\n<tbody>\n<tr>\n<td> <img loading=\"lazy\" class=\" aligncenter\" src=\"http:\/\/padrevasquez.com.ar\/inicio_WP\/wp-content\/uploads\/2017\/09\/foto17.png\" alt=\"Alumnos\" width=\"613\" height=\"338\" \/><\/td>\n<\/tr>\n<tr>\n<td> <img loading=\"lazy\" class=\" aligncenter\" src=\"http:\/\/padrevasquez.com.ar\/inicio_WP\/wp-content\/uploads\/2017\/09\/foto18.png\" alt=\"Alumnos\" width=\"613\" height=\"338\" \/><\/td>\n<\/tr>\n<tr>\n<td> <img loading=\"lazy\" class=\" aligncenter\" src=\"http:\/\/padrevasquez.com.ar\/inicio_WP\/wp-content\/uploads\/2017\/09\/foto19.png\" alt=\"Alumnos\" width=\"613\" height=\"338\" \/><\/td>\n<\/tr>\n<\/tbody>\n<\/table>\n<p>Ya entrada la d\u00e9cada de 1970, el recuerdo es en color. Aparecen los actos escolares del nivel primario, la participaci\u00f3n de los alumnos y docentes de la muestra de educaci\u00f3n f\u00edsica realizada en el Club Deportivo Maip\u00fa (1980) y las promociones de alumnos del nivel secundario entre los a\u00f1os 1979 a 1983.<\/p>\n<table border=\"0\" width=\"100%\">\n<tbody>\n<tr>\n<td> <img loading=\"lazy\" class=\" aligncenter\" src=\"http:\/\/padrevasquez.com.ar\/inicio_WP\/wp-content\/uploads\/2017\/09\/foto20.png\" alt=\"Alumnos\" width=\"613\" height=\"338\" \/><\/td>\n<\/tr>\n<tr>\n<td> <img loading=\"lazy\" class=\" aligncenter\" src=\"http:\/\/padrevasquez.com.ar\/inicio_WP\/wp-content\/uploads\/2017\/09\/foto21.png\" alt=\"Alumnos\" width=\"613\" height=\"338\" \/><\/td>\n<\/tr>\n<tr>\n<td> <img loading=\"lazy\" class=\" aligncenter\" src=\"http:\/\/padrevasquez.com.ar\/inicio_WP\/wp-content\/uploads\/2017\/09\/foto22.png\" alt=\"Alumnos\" width=\"613\" height=\"338\" \/><\/td>\n<\/tr>\n<tr>\n<td> <img loading=\"lazy\" class=\" aligncenter\" src=\"http:\/\/padrevasquez.com.ar\/inicio_WP\/wp-content\/uploads\/2017\/09\/foto23.png\" alt=\"Alumnos\" width=\"613\" height=\"338\" \/><\/td>\n<\/tr>\n<\/tbody>\n<\/table>\n<p>Tambi\u00e9n aparecen fotos del padre Fray Elpidio ORELLANO, junto a los alumnos que egresaron del nivel secundario y de algunos de los alumnos de la primera promoci\u00f3n del nivel secundario que siguen participando en los actos de colaci\u00f3n.<\/p>\n<table border=\"0\" width=\"100%\">\n<tbody>\n<tr>\n<td> <img loading=\"lazy\" class=\" aligncenter\" src=\"http:\/\/padrevasquez.com.ar\/inicio_WP\/wp-content\/uploads\/2017\/09\/foto26.png\" alt=\"Alumnos\" width=\"613\" height=\"338\" \/><\/td>\n<\/tr>\n<tr>\n<td> <img loading=\"lazy\" class=\" aligncenter\" src=\"http:\/\/padrevasquez.com.ar\/inicio_WP\/wp-content\/uploads\/2017\/09\/foto24.png\" alt=\"Alumnos\" width=\"613\" height=\"338\" \/><\/td>\n<\/tr>\n<tr>\n<td> <img loading=\"lazy\" class=\" aligncenter\" src=\"http:\/\/padrevasquez.com.ar\/inicio_WP\/wp-content\/uploads\/2017\/09\/foto25.png\" alt=\"Alumnos\" width=\"613\" height=\"338\" \/><\/td>\n<\/tr>\n<\/tbody>\n<\/table>\n<h2>El trabajo permanente, tambi\u00e9n hace historia&#8230;<\/h2>\n<p>Hoy, el frente del Colegio e Instituto Padre V\u00e1squez junto a la iglesia Nuestra Se\u00f1ora de la Merced se muestra permanentemente renovado. Los Padres juntos a los Alumnos y Docentes del Nivel Inicial realizan una procesi\u00f3n por las calles del Departamento de Maip\u00fa, en honor de la Virgen de la Merced en su fiesta patronal del 24 de Septiembre.<\/p>\n<table border=\"0\" width=\"100%\">\n<tbody>\n<tr>\n<td> <img loading=\"lazy\" class=\" aligncenter\" src=\"http:\/\/padrevasquez.com.ar\/inicio_WP\/wp-content\/uploads\/2017\/09\/foto27.png\" alt=\"Alumnos\" width=\"613\" height=\"338\" \/><\/td>\n<\/tr>\n<tr>\n<td> <img loading=\"lazy\" class=\" aligncenter\" src=\"http:\/\/padrevasquez.com.ar\/inicio_WP\/wp-content\/uploads\/2017\/09\/foto28.png\" alt=\"Alumnos\" width=\"613\" height=\"338\" \/><\/td>\n<\/tr>\n<tr>\n<td> <img loading=\"lazy\" class=\" aligncenter\" src=\"http:\/\/padrevasquez.com.ar\/inicio_WP\/wp-content\/uploads\/2017\/09\/foto29.png\" alt=\"Alumnos\" width=\"613\" height=\"338\" \/><\/td>\n<\/tr>\n<\/tbody>\n<\/table>\n<p>La celebraci\u00f3n eucar\u00edstica y charlas en el nivel inicial y primario por parte del Padre Fray Hugo Eduardo Rodr\u00edguez, durante la festividad de San Pedro Nolasco, y desde el colegio, la celebraci\u00f3n del comienzo del mes de Mar\u00eda de la Merced, incorporando la imagen de Nuestra Madre para que visite las casas de cada uno de los alumnos a lo largo de todo el a\u00f1o.<\/p>\n<table border=\"0\" width=\"100%\">\n<tbody>\n<tr>\n<td> <img loading=\"lazy\" class=\" aligncenter\" src=\"http:\/\/padrevasquez.com.ar\/inicio_WP\/wp-content\/uploads\/2017\/09\/foto30.png\" alt=\"Alumnos\" width=\"613\" height=\"338\" \/><\/td>\n<\/tr>\n<tr>\n<td> <img loading=\"lazy\" class=\" aligncenter\" src=\"http:\/\/padrevasquez.com.ar\/inicio_WP\/wp-content\/uploads\/2017\/09\/foto31.png\" alt=\"Alumnos\" width=\"613\" height=\"338\" \/><\/td>\n<\/tr>\n<tr>\n<td> <img loading=\"lazy\" class=\" aligncenter\" src=\"http:\/\/padrevasquez.com.ar\/inicio_WP\/wp-content\/uploads\/2017\/09\/foto32.png\" alt=\"Alumnos\" width=\"613\" height=\"338\" \/><\/td>\n<\/tr>\n<tr>\n<td> <img loading=\"lazy\" class=\" aligncenter\" src=\"http:\/\/padrevasquez.com.ar\/inicio_WP\/wp-content\/uploads\/2017\/09\/foto33.png\" alt=\"Alumnos\" width=\"613\" height=\"338\" \/><\/td>\n<\/tr>\n<\/tbody>\n<\/table>\n<p>A las actividades educativas y deportivas en la villa La Merced de Russell, los alumnos del Colegio le suman la solidaridad compartiendo un d\u00eda con alumnos de la escuela rural UNAMUNO. La escuela Unamuno es apadrinada por el Colegio Padre V\u00e1squez.<\/p>\n<table border=\"0\" width=\"100%\">\n<tbody>\n<tr>\n<td> <img loading=\"lazy\" class=\" aligncenter\" src=\"http:\/\/padrevasquez.com.ar\/inicio_WP\/wp-content\/uploads\/2017\/09\/foto34.png\" alt=\"Alumnos\" width=\"613\" height=\"338\" \/><\/td>\n<\/tr>\n<tr>\n<td> <img loading=\"lazy\" class=\" aligncenter\" src=\"http:\/\/padrevasquez.com.ar\/inicio_WP\/wp-content\/uploads\/2017\/09\/foto35.png\" alt=\"Alumnos\" width=\"613\" height=\"338\" \/><\/td>\n<\/tr>\n<tr>\n<td> <img loading=\"lazy\" class=\" aligncenter\" src=\"http:\/\/padrevasquez.com.ar\/inicio_WP\/wp-content\/uploads\/2017\/09\/foto36.png\" alt=\"Alumnos\" width=\"613\" height=\"338\" \/><\/td>\n<\/tr>\n<tr>\n<td> <img loading=\"lazy\" class=\" aligncenter\" src=\"http:\/\/padrevasquez.com.ar\/inicio_WP\/wp-content\/uploads\/2017\/09\/foto37.png\" alt=\"Alumnos\" width=\"613\" height=\"338\" \/><\/td>\n<\/tr>\n<\/tbody>\n<\/table>\n<p>El crecimiento de la poblaci\u00f3n exige que el Colegio e Instituto Padre V\u00e1squez siga invirtiendo en obras. En las fotos se ve la inauguraci\u00f3n de la Sala de tres a\u00f1os, donde se hicieron presentes los Padres ACASTELLO y LAGOS junto al Apoderado Legal y a la Directora del Colegio, y la construcci\u00f3n del Sal\u00f3n de usos m\u00faltiples y play\u00f3n polideportivo cubierto con un gran techo met\u00e1lico.<\/p>\n<table border=\"0\" width=\"100%\">\n<tbody>\n<tr>\n<td> <img loading=\"lazy\" class=\" aligncenter\" src=\"http:\/\/padrevasquez.com.ar\/inicio_WP\/wp-content\/uploads\/2017\/09\/foto38.png\" alt=\"Alumnos\" width=\"613\" height=\"338\" \/><\/td>\n<\/tr>\n<tr>\n<td> <img loading=\"lazy\" class=\" aligncenter\" src=\"http:\/\/padrevasquez.com.ar\/inicio_WP\/wp-content\/uploads\/2017\/09\/foto39.png\" alt=\"Alumnos\" width=\"613\" height=\"338\" \/><\/td>\n<\/tr>\n<tr>\n<td> <img loading=\"lazy\" class=\" aligncenter\" src=\"http:\/\/padrevasquez.com.ar\/inicio_WP\/wp-content\/uploads\/2017\/09\/foto40.png\" alt=\"Alumnos\" width=\"613\" height=\"338\" \/><\/td>\n<\/tr>\n<tr>\n<td> <img loading=\"lazy\" class=\" aligncenter\" src=\"http:\/\/padrevasquez.com.ar\/inicio_WP\/wp-content\/uploads\/2017\/09\/foto41.png\" alt=\"Alumnos\" width=\"613\" height=\"338\" \/><\/td>\n<\/tr>\n<tr>\n<td> <img loading=\"lazy\" class=\" aligncenter\" src=\"http:\/\/padrevasquez.com.ar\/inicio_WP\/wp-content\/uploads\/2017\/09\/foto42.png\" alt=\"Alumnos\" width=\"613\" height=\"338\" \/><\/td>\n<\/tr>\n<tr>\n<td> <img loading=\"lazy\" class=\" aligncenter\" src=\"http:\/\/padrevasquez.com.ar\/inicio_WP\/wp-content\/uploads\/2017\/09\/foto43.png\" alt=\"Alumnos\" width=\"613\" height=\"338\" \/><\/td>\n<\/tr>\n<\/tbody>\n<\/table>\n<p>En nuestra historia, siempre ha estado presente la protecci\u00f3n de <span style=\"color: #741a1d;\"><em><strong>Nuestra Madre de La Merced<\/strong><\/em><\/span>.<br \/>\n<img loading=\"lazy\" class=\"size-medium aligncenter\" src=\"http:\/\/padrevasquez.com.ar\/inicio_WP\/wp-content\/uploads\/2017\/09\/foto52.png\" alt=\"Foto Frente y Virgen\" width=\"673\" height=\"357\" \/><\/p>\n<p>Por favor, emplee el <a href=\"https:\/\/padrevasquez.com.ar\/inicio_WP\/contacto\/\">formulario de contacto<\/a> para realizar consultas, porque puede dirigir mejor su consulta. Gracias.<\/p>\n<div class=\"pdfprnt-buttons pdfprnt-buttons-page pdfprnt-bottom-right\"><a href=\"https:\/\/padrevasquez.com.ar\/inicio_WP\/wp-json\/wp\/v2\/pages\/274?print=pdf\" class=\"pdfprnt-button pdfprnt-button-pdf\" target=\"_blank\"><img src=\"https:\/\/padrevasquez.com.ar\/inicio_WP\/wp-content\/plugins\/pdf-print\/images\/pdf.png\" alt=\"image_pdf\" title=\"View PDF\" \/><span class=\"pdfprnt-button-title pdfprnt-button-pdf-title\">Convertir a PDF<\/span><\/a><a href=\"https:\/\/padrevasquez.com.ar\/inicio_WP\/wp-json\/wp\/v2\/pages\/274?print=print\" class=\"pdfprnt-button pdfprnt-button-print\" target=\"_blank\"><img src=\"https:\/\/padrevasquez.com.ar\/inicio_WP\/wp-content\/plugins\/pdf-print\/images\/print.png\" alt=\"image_print\" title=\"Print Content\" \/><span class=\"pdfprnt-button-title pdfprnt-button-print-title\">Imprimir<\/span><\/a><\/div>","protected":false},"excerpt":{"rendered":"<p>100 a\u00f1os de historia: Historia del camino Los grandes momentos del Colegio e Instituto Padre V\u00e1squez 1918 El 24 de mayo de 1918, La Orden de la Merced por medio del Padre Alfredo VERA, funda la escuela primaria Padre V\u00e1squez, funcionando como escuela nocturna. As\u00ed funcion\u00f3 hasta pasar al turno tarde. Un diario de la \u00e9poca se refer\u00eda a este hecho como \u201cun \u00e9xito del padre Alfredo VERA , cuyo esp\u00edritu inquieto y combativo se ha puesto siempre de relieve <a href=\"https:\/\/padrevasquez.com.ar\/inicio_WP\/nuestros-100-anos-de-historia\/\" class=\"more-link\"><span>. . .<\/span><\/a><\/p>\n","protected":false},"author":1,"featured_media":0,"parent":0,"menu_order":0,"comment_status":"closed","ping_status":"closed","template":"","meta":{"_themeisle_gutenberg_block_has_review":false},"_links":{"self":[{"href":"https:\/\/padrevasquez.com.ar\/inicio_WP\/wp-json\/wp\/v2\/pages\/274"}],"collection":[{"href":"https:\/\/padrevasquez.com.ar\/inicio_WP\/wp-json\/wp\/v2\/pages"}],"about":[{"href":"https:\/\/padrevasquez.com.ar\/inicio_WP\/wp-json\/wp\/v2\/types\/page"}],"author":[{"embeddable":true,"href":"https:\/\/padrevasquez.com.ar\/inicio_WP\/wp-json\/wp\/v2\/users\/1"}],"replies":[{"embeddable":true,"href":"https:\/\/padrevasquez.com.ar\/inicio_WP\/wp-json\/wp\/v2\/comments?post=274"}],"version-history":[{"count":14,"href":"https:\/\/padrevasquez.com.ar\/inicio_WP\/wp-json\/wp\/v2\/pages\/274\/revisions"}],"predecessor-version":[{"id":1288,"href":"https:\/\/padrevasquez.com.ar\/inicio_WP\/wp-json\/wp\/v2\/pages\/274\/revisions\/1288"}],"wp:attachment":[{"href":"https:\/\/padrevasquez.com.ar\/inicio_WP\/wp-json\/wp\/v2\/media?parent=274"}],"curies":[{"name":"wp","href":"https:\/\/api.w.org\/{rel}","templated":true}]}}