{"id":328,"date":"2017-09-22T19:04:33","date_gmt":"2017-09-22T22:04:33","guid":{"rendered":"http:\/\/padrevasquez.com.ar\/inicio_WP\/?page_id=328"},"modified":"2021-12-06T18:57:25","modified_gmt":"2021-12-06T21:57:25","slug":"aranceles-actualizados","status":"publish","type":"page","link":"https:\/\/padrevasquez.com.ar\/inicio_WP\/aranceles-actualizados\/","title":{"rendered":"Aranceles actualizados"},"content":{"rendered":"<p>En lo que sigue, cuando se de diga &#8220;<em><strong>La Instituci\u00f3n<\/strong><\/em>&#8220;, se debe entender al &#8220;<em><strong>Colegio e Instituto Privado Padre V\u00e1squez<\/strong><\/em>&#8220;, sea en el Nivel Inicial, Nivel Primario y\/o Nivel Secundario, seg\u00fan corresponda.<\/p>\n<h1 style=\"text-align: center;\">Aranceles actualizados<\/h1>\n<p>Las Autoridades de La Instituci\u00f3n han dispuesto que los <a href=\"https:\/\/www.padrevasquez.com.ar\/BoletoPago\/\" target=\"_blank\" rel=\"noopener noreferrer\">aranceles escolares sean los expresados aqu\u00ed<\/a>.<\/p>\n<p>Las Autoridades de La Instituci\u00f3n quedan a disposici\u00f3n de los Padres o Tutores para cualquier aclaraci\u00f3n que necesiten al respecto de los valores actualizados de los aranceles.<\/p>\n<p>Finalmente, se disponen de medios de pago electr\u00f3nico y existe la posibilidad de imprimir su propio <a href=\"https:\/\/www.padrevasquez.com.ar\/BoletoPago\/\" target=\"_blank\" rel=\"noopener noreferrer\">boleto de pago<\/a>.<\/p>\n<p>En todo momento pueden usar el <a href=\"http:\/\/padrevasquez.com.ar\/inicio_WP\/contacto\/\" target=\"_blank\" rel=\"noopener noreferrer\">formulario de contacto<\/a>.<\/p>\n<h3 style=\"text-align: center;\">Breves explicaciones del Convenio de Prestaci\u00f3n de Servicios Educativos.<\/h3>\n<p>La Orden de la Merced es la propietaria legal de La Instituci\u00f3n, y cada a\u00f1o lectivo celebra convenios de prestaci\u00f3n de servicios educativos individuales con las Madres, Padres o Tutores de sus estudiantes, donde quedan claras las normas de La Instituci\u00f3n y se refleja lo que se espera de los estudiantes.<\/p>\n<p>Los j\u00f3venes estudiantes, por ser menores de edad tienen que ser representados por adultos responsables. Por ello los padres, las madres y\/o los tutores los representan en el marco del convenio de prestaci\u00f3n de servicios educativos.<\/p>\n<p>Dentro del convenio, los Padres, Madres y\/o Tutores declaran conocer y aceptar los fines, objetivos, normativas, reglamento interno y el Proyecto Educativo Mercedario; as\u00ed como la siguiente realidad irrenunciable: La Instituci\u00f3n, en el desarrollo de sus actividades, ense\u00f1a la doctrina de la Iglesia Cat\u00f3lica Apost\u00f3lica Romana por ser una Instituci\u00f3n confesional que pertenece a la Orden de la Merced. Sin embargo, ello no significa una limitaci\u00f3n o impedimento para la asistencia a la Instituci\u00f3n de j\u00f3venes de otras confesiones religiosas.<\/p>\n<p>Dentro de los mismos convenios de prestaci\u00f3n de servicios educativos, se aclaran aspectos normativos tales como los dispuestos por la Direcci\u00f3n General de Escuelas de la Provincia de Mendoza, el Reglamento Interno de La Instituci\u00f3n, el cumplimiento de las normas de convivencia, el uso del uniforme escolar, la necesidad de completar la documentaci\u00f3n de la ficha de salud requerida para un adecuado desarrollo de las actividades deportivas y aspectos econ\u00f3micos atinentes a los costos de matr\u00edcula, gastos administrativos y becas de estudio.<\/p>\n<p>Considerando el Decreto 2417\/93, y lo que pudiesen disponer las Autoridades de Aplicaci\u00f3n como consecuencia de la verdadera situaci\u00f3n econ\u00f3mica provincial y nacional, en los convenios de prestaci\u00f3n de servicios educativos individuales queda reflejado que La Instituci\u00f3n puede modificar los aranceles de matriculaci\u00f3n y gastos administrativos. Como ejemplos, sin que sean los \u00fanicos posibles casos, los aranceles de matriculaci\u00f3n y gastos administrativos podr\u00edan ajustarse cuando se produzca un incremento del costo salarial, o alguna modificaci\u00f3n del tratamiento que la Provincia de Mendoza o la Naci\u00f3n Argentina otorguen o impongan a La Instituci\u00f3n, tales como disminuci\u00f3n de aportes, incremento de impuestos y servicios, gravamen a la educaci\u00f3n privada o a los bienes del Instituto, entre otras.<\/p>\n<p>Un espacio importante dentro de los convenios de prestaci\u00f3n de servicios educativos es ocupado para aclarar las responsabilidades econ\u00f3micas que deben afrontar los padres, las madres y\/o los tutores cuando sus hijos y\/o hijas ocasionan lesiones a personas o perjuicios econ\u00f3micos a la propia Instituci\u00f3n o a terceros, en actividades institucionales y dentro o fuera de La Instituci\u00f3n.<\/p>\n<p>Los anteriores son los aspectos sobresalientes del formulario de convenio de prestaci\u00f3n de servicios educativos que anualmente es firmado personalmente por las Madres, Padres y\/o Tutores, y por los propios estudiantes.<\/p>\n<p>Si hay alguna duda, sobre esta breve explicaci\u00f3n, por favor dir\u00edjase a las Autoridades escolares de La Instituci\u00f3n, en forma personal o por medio de nuestro formulario de contacto.<\/p>\n<h3 style=\"text-align: center;\">Condiciones Generales del Convenio de Prestaci\u00f3n de Servicios Educativos<\/h3>\n<p>El siguiente es un resumen general del Convenio de Prestaci\u00f3n de Servicios Educativos entre la ORDEN DE LA MERCED, propietaria de La Instituci\u00f3n y los PROGENITORES, Padres, Madres o Tutores, de los Estudiantes que cursar\u00e1n en cada ciclo lectivo, se convienen las siguientes condiciones generales:<\/p>\n<p>Art. 1) En virtud del contrato educativo que une a las partes, los PROGENITORES responsables del alumno\/a abonar\u00e1n el costo educativo detallado en la &#8220;Circular Informativa Sobre Aranceles y Reserva de Vacante &#8230;&#8221;, en cuotas mensuales y consecutivas desde el mes de Marzo a Diciembre inclusive, con un vencimiento preestablecido para  cada mes.<\/p>\n<p>Art. 2) El incumplimiento de cualesquiera de los plazos de vencimiento establecidos, provocar\u00e1 la aplicaci\u00f3n de un adicional en concepto de gastos administrativos, el mismo ser\u00e1 del siguiente modo: dentro del mes, y posterior al vencimiento y hasta el \u00faltimo d\u00eda del mes, se aplicar\u00e1 un porcentaje sobre el valor de la cuota arancel vigente, luego de esto se sumar\u00e1 el doble del porcentaje anterior al valor de la cuota arancel mensual vigente en pesos por cada mes de atraso. El incremento podr\u00e1 ser modificado por la Instituci\u00f3n seg\u00fan emergentes, a exclusiva consideraci\u00f3n del Propietario.<\/p>\n<p>Art. 3) Para el caso de incumplimiento del pago de alguna de las cuotas al treinta y uno de diciembre del a\u00f1o en curso, sin perjuicio de lo expuesto precedentemente, La Instituci\u00f3n se reserva el derecho de admisi\u00f3n y\/o rematriculaci\u00f3n o reserva de vacante para el ciclo lectivo siguiente.<\/p>\n<p>Art. 4) En el caso de los Estudiantes que obtengan becas de nuestro Instituto, el presente convenio se reducir\u00e1 a los importes estipulados en la Resoluci\u00f3n de asignaci\u00f3n de becas, por parte del Apoderado y\/o Representante Legal. Para conservar el beneficio de la beca durante el ciclo lectivo, no debe registrar morosidad ni sanciones disciplinarias. El beneficio de las becas se otorga por el lapso de un a\u00f1o, teniendo validez por un ciclo lectivo. La renovaci\u00f3n del mencionado beneficio no ser\u00e1 autom\u00e1tica.<\/p>\n<p>Art. 5) Los PROGENITORES del Estudiante abonar\u00e1n los gastos administrativos de gesti\u00f3n de cobro de las cuotas, ocasionados por el incumplimiento en el pago de las mismas en tiempo y forma, establecidos y notificados oportunamente por La Instituci\u00f3n.<\/p>\n<p>Art. 6) Los PROGENITORES del Estudiante se hacen econ\u00f3micamente responsables por los da\u00f1os que su hijo\/a ocasione directa o indirectamente, por hacer mal uso de los rodados, mobiliarios o inmuebles de la Orden de la Merced (La Instituci\u00f3n), durante todo el ciclo lectivo. As\u00ed mismo, de aquellos da\u00f1os que ocasione en otros, inmuebles, muebles y\/o rodados, cuando est\u00e9 afectado a actividades propias de La Instituci\u00f3n.<\/p>\n<p>Art. 7) El propietario de La Instituci\u00f3n, se reserva el derecho de modificar en un todo o en parte el importe de dinero a abonar anualmente, en virtud de lo normado por el Decreto 2417\/93 y\/o por lo que pudiesen disponer las Autoridades de Aplicaci\u00f3n y\/o circunstancias que modifiquen fuertemente la realidad econ\u00f3mica. En especial cuando se produzca un incremento del costo salarial, o alguna modificaci\u00f3n del tratamiento que la Direcci\u00f3n General de Escuelas, Provincia de Mendoza o la Naci\u00f3n Argentina otorgan al Instituto (disminuci\u00f3n de aportes, incremento de impuestos y servicios, gravamen a la educaci\u00f3n privada o a los bienes del Instituto, Decreto Ley 2633 y modificatorias, etc.). La presente se considera como formal aceptaci\u00f3n, sin protesto por parte de los PROGENITORES del Estudiante.<\/p>\n<p>Art. 8) Por la presente los PROGENITORES del Estudiante, declaran conocer los fines, objetivos, normativas, reglamento interno y el Proyecto Educativo Mercedario de La Instituci\u00f3n, estando en un todo de acuerdo con los mismos. As\u00ed mismo se hacen responsables de las erogaciones econ\u00f3micas de todo tipo que surjan como consecuencia de lesiones que su hijo\/a le produzca a otro estudiante, docente o personal de La Instituci\u00f3n, dentro de las Instalaciones de La Instituci\u00f3n, o desarrollando actividades en su representaci\u00f3n, como consecuencia de sus acciones directas o indirectas. Se compromete, adem\u00e1s, a que su hijo\/a asista a las actividades escolares con el uniforme correspondiente, establecido por La Instituci\u00f3n.<\/p>\n<p>Art.  9)  Los PROGENITORES tienen la obligaci\u00f3n de presentar la ficha de salud entregada por La Instituci\u00f3n en tiempo y forma, y declarar en ella cualquier situaci\u00f3n, enfermedad o patolog\u00eda que tenga su hijo\/a y que afecten negativamente en el desarrollo de su proceso de ense\u00f1anza &#8211; aprendizaje. As\u00ed mismo se comprometen a realizar todas las acciones y tratamientos de apoyo necesarios para el acompa\u00f1amiento pedag\u00f3gico de su hijo\/a.<\/p>\n<p>Art. 10) La solicitud de matriculaci\u00f3n no tendr\u00e1 validez si, posterior a su recepci\u00f3n, se producen hechos graves de indisciplina, se adeudan aranceles u otros conceptos, no se rinde y\/o se aprueban los ex\u00e1menes de promoci\u00f3n y\/o no se entrega la documentaci\u00f3n que La Instituci\u00f3n considere pertinente.<\/p>\n<p>Art. 11) La Instituci\u00f3n se reserva el derecho de suspender o expulsar del establecimiento a cualquier estudiante por actos de indisciplina, conforme la reglamentaci\u00f3n establecida por la DGE de la Provincia de Mendoza, y\/o el Reglamento Interno de La Instituci\u00f3n y\/o normas de convivencia del mismo, Proyecto Educativo Mercedario y Proyecto Educativo Pastoral Institucional.<\/p>\n<p>Art. 12) Los PROGENITORES de los Estudiantes reconocen y manifiestan su adhesi\u00f3n a lo siguiente:<\/p>\n<p>a) La Instituci\u00f3n ense\u00f1a en el desarrollo de sus actividades la doctrina de la Iglesia Cat\u00f3lica Apost\u00f3lica Romana.<\/p>\n<p>b) La Instituci\u00f3n, es de origen y de naturaleza una instituci\u00f3n confesional que pertenece a la Orden de la Merced, quien desarrolla sus actividades en el marco de los documentos PEM, PEPI y PCPI.<\/p>\n<p>c) Los PROGENITORES deber\u00e1n abonar el canon que se estipule desde el La Instituci\u00f3n, destinado a la compra, provisi\u00f3n de materiales y\/o elementos de trabajo, salidas educativas y actividades propias e institucionales de cada nivel, programadas para los Estudiantes durante el ciclo lectivo, debiendo ser abonados en modo, tiempo y forma seg\u00fan lo indique La Instituci\u00f3n.<\/p>\n<p>d) La Instituci\u00f3n brinda sus procesos formativos y educativos en modo presencial, salvo disposici\u00f3n en contrario del Gobierno Provincial de Mendoza y\/o Nacional. Adem\u00e1s, en caso de ser necesario y\/o dispuesto por las autoridades de los gobiernos antedichos, se podr\u00e1 realizar la educaci\u00f3n en modo virtual o en modo mixto compuesto por presencialidad y virtualidad.<\/p>\n<p>Art. 13) Los PROGENITORES de los Estudiantes declaran conocer que las responsabilidades emergentes de la presente, como as\u00ed tambi\u00e9n la normativa que rige las mismas, se extienden a las actividades curriculares, extracurriculares y coprogram\u00e1ticas de La Instituci\u00f3n.<\/p>\n<p>Art. 14) La inscripci\u00f3n es s\u00f3lo por un ciclo lectivo y no tiene car\u00e1cter indefinido.<\/p>\n<p>Art. 15) La firma del Convenio por parte de los PROGENITORES del Estudiante y\/o la obtenci\u00f3n de un c\u00f3digo de inscripci\u00f3n on line, implica la notificaci\u00f3n expresa del contenido del mismo Convenio, la aceptaci\u00f3n y adhesi\u00f3n a todas las normas establecidas en el mismo.<\/p>\n<p>Art. 16) En el caso de que se hubiere abonado la inscripci\u00f3n y se desistiera del banco antes del mes de febrero, se podr\u00eda reintegrar hasta el 50 % del total de la reserva de vacante, quedando el resto para solventar gastos administrativos.<\/p>\n<table border=\"0\" width=\"100%\">\n<tbody>\n<tr>\n<td>Circular Informativa sobre aranceles y reserva de vacante ciclo lectivo 2022<\/td>\n<td style=\"text-align: center;\"><a href=\"https:\/\/padrevasquez.com.ar\/inicio_WP\/?ddownload=1406\" title=\"Descarga\" rel=\"nofollow\" class=\"ddownload-button button-blue id-1406 ext-pdf\">Descarga<\/a><\/td>\n<\/tr>\n<tr>\n<td>Condiciones generales de aceptaci\u00f3n de datos on line<\/td>\n<td style=\"text-align: center;\"><a href=\"https:\/\/padrevasquez.com.ar\/inicio_WP\/?ddownload=1398\" title=\"Descarga\" rel=\"nofollow\" class=\"ddownload-button button-blue id-1398 ext-pdf\">Descarga<\/a><\/td>\n<\/tr>\n<tr>\n<td>Ayuda para Madres, Padres o Tutores (PDF)<\/td>\n<td style=\"text-align: center;\"><a href=\"https:\/\/padrevasquez.com.ar\/inicio_WP\/?ddownload=1400\" title=\"Descarga\" rel=\"nofollow\" class=\"ddownload-button button-blue id-1400 ext-pdf\">Descarga<\/a><\/td>\n<\/tr>\n<\/tbody>\n<\/table>\n<p>&nbsp;<\/p>\n<div class=\"pdfprnt-buttons pdfprnt-buttons-page pdfprnt-bottom-right\"><a href=\"https:\/\/padrevasquez.com.ar\/inicio_WP\/wp-json\/wp\/v2\/pages\/328?print=pdf\" class=\"pdfprnt-button pdfprnt-button-pdf\" target=\"_blank\"><img src=\"https:\/\/padrevasquez.com.ar\/inicio_WP\/wp-content\/plugins\/pdf-print\/images\/pdf.png\" alt=\"image_pdf\" title=\"View PDF\" \/><span class=\"pdfprnt-button-title pdfprnt-button-pdf-title\">Convertir a PDF<\/span><\/a><a href=\"https:\/\/padrevasquez.com.ar\/inicio_WP\/wp-json\/wp\/v2\/pages\/328?print=print\" class=\"pdfprnt-button pdfprnt-button-print\" target=\"_blank\"><img src=\"https:\/\/padrevasquez.com.ar\/inicio_WP\/wp-content\/plugins\/pdf-print\/images\/print.png\" alt=\"image_print\" title=\"Print Content\" \/><span class=\"pdfprnt-button-title pdfprnt-button-print-title\">Imprimir<\/span><\/a><\/div>","protected":false},"excerpt":{"rendered":"<p>En lo que sigue, cuando se de diga &#8220;La Instituci\u00f3n&#8220;, se debe entender al &#8220;Colegio e Instituto Privado Padre V\u00e1squez&#8220;, sea en el Nivel Inicial, Nivel Primario y\/o Nivel Secundario, seg\u00fan corresponda. Aranceles actualizados Las Autoridades de La Instituci\u00f3n han dispuesto que los aranceles escolares sean los expresados aqu\u00ed. Las Autoridades de La Instituci\u00f3n quedan a disposici\u00f3n de los Padres o Tutores para cualquier aclaraci\u00f3n que necesiten al respecto de los valores actualizados de los aranceles. Finalmente, se disponen de <a href=\"https:\/\/padrevasquez.com.ar\/inicio_WP\/aranceles-actualizados\/\" class=\"more-link\"><span>. . .<\/span><\/a><\/p>\n","protected":false},"author":1,"featured_media":0,"parent":0,"menu_order":0,"comment_status":"closed","ping_status":"closed","template":"","meta":{"_themeisle_gutenberg_block_has_review":false},"_links":{"self":[{"href":"https:\/\/padrevasquez.com.ar\/inicio_WP\/wp-json\/wp\/v2\/pages\/328"}],"collection":[{"href":"https:\/\/padrevasquez.com.ar\/inicio_WP\/wp-json\/wp\/v2\/pages"}],"about":[{"href":"https:\/\/padrevasquez.com.ar\/inicio_WP\/wp-json\/wp\/v2\/types\/page"}],"author":[{"embeddable":true,"href":"https:\/\/padrevasquez.com.ar\/inicio_WP\/wp-json\/wp\/v2\/users\/1"}],"replies":[{"embeddable":true,"href":"https:\/\/padrevasquez.com.ar\/inicio_WP\/wp-json\/wp\/v2\/comments?post=328"}],"version-history":[{"count":36,"href":"https:\/\/padrevasquez.com.ar\/inicio_WP\/wp-json\/wp\/v2\/pages\/328\/revisions"}],"predecessor-version":[{"id":1408,"href":"https:\/\/padrevasquez.com.ar\/inicio_WP\/wp-json\/wp\/v2\/pages\/328\/revisions\/1408"}],"wp:attachment":[{"href":"https:\/\/padrevasquez.com.ar\/inicio_WP\/wp-json\/wp\/v2\/media?parent=328"}],"curies":[{"name":"wp","href":"https:\/\/api.w.org\/{rel}","templated":true}]}}