{"id":333,"date":"2017-09-22T19:11:53","date_gmt":"2017-09-22T22:11:53","guid":{"rendered":"http:\/\/padrevasquez.com.ar\/inicio_WP\/?page_id=333"},"modified":"2020-11-11T09:47:34","modified_gmt":"2020-11-11T12:47:34","slug":"manual-para-padres-y-estudiantes","status":"publish","type":"page","link":"https:\/\/padrevasquez.com.ar\/inicio_WP\/manual-para-padres-y-estudiantes\/","title":{"rendered":"Manual para Padres y Estudiantes"},"content":{"rendered":"<h1 style=\"text-align: center;\">Manual para Padres y Estudiantes<\/h1>\n<p>En lo que sigue, cuando se de diga &#8220;LA INSTITUCI\u00d3N&#8221;, se debe entender al &#8220;Colegio e Instituto Privado Padre V\u00e1squez&#8221;, sea en el Nivel Inicial, Nivel Primario y\/o Nivel Secundario, seg\u00fan corresponda. La Orden de la Merced es la propietaria legal de LA INSTITUCI\u00d3N.<\/p>\n<p>Con el objetivo de crear en los estudiantes el sentido de responsabilidad y atenci\u00f3n que el estudio exige, as\u00ed como tambi\u00e9n un b\u00e1sico sentido de seguridad e igualdad en la diversidad, se ha desarrollado un conjunto de reglas que a continuaci\u00f3n se resumen. Se ruega a los Padres hacer cumplir las reglas sin desvirtuar el esp\u00edritu formativo de las mismas.<\/p>\n<h2>Presentaci\u00f3n escolar<\/h2>\n<p>El estudiante debe concurrir a clases y en toda oportunidad que LA INSTITUCI\u00d3N lo dispusiera, con el uniforme reglamentario.<\/p>\n<p>Con respecto a la presencia general o los accesorios, se debe considerar:<\/p>\n<ol>\n<li>El cabello de color natural, deber\u00e1 estar en perfecto estado de higiene y prolijamente atado para las se\u00f1oritas, preferentemente corto y sujeto, de modo que el rostro quede despejado.<\/li>\n<li>Las se\u00f1oritas no podr\u00e1n estar maquilladas ni llevar las u\u00f1as pintadas y deber\u00e1n abstenerse de usar cualquier elemento accesorio (pulseras, collares, aros largos, piercing, bijouterie, etc).<\/li>\n<li>Los varones deber\u00e1n abstenerse del uso de todo tipo de bijouterie, piercing, etc.<\/li>\n<li>Los varones adolescentes deber\u00e1n estar prolijamente afeitados.<\/li>\n<li>No se permitir\u00e1n tatuajes a la vista.<\/li>\n<\/ol>\n<p>Si se produjera alguna irregularidad con la presentaci\u00f3n de los estudiantes, la misma ser\u00e1 comunicada por nota o llamado telef\u00f3nico al Padre, Madre o Tutor quien deber\u00e1 retirar al Estudiante. No se autorizar\u00e1 el ingreso a la Instituci\u00f3n de estudiantes que no se ajusten a las condiciones definidas en la presentaci\u00f3n escolar.<\/p>\n<h2>Elementos personales<\/h2>\n<ol>\n<li>Cada a\u00f1os se aclarar\u00e1n las normas espec\u00edficas para el uso de dispositivos personales, tales como tel\u00e9fonos celulares, Mp3, Mp4 u otros.<\/li>\n<li>La Instituci\u00f3n no se responsabiliza por la p\u00e9rdida, hurto y\/o sustracci\u00f3n de objetos de uso personal que no pueden ser utilizados en el \u00e1mbito escolar, por ejemplo: tel\u00e9fonos celulares, joyas, lentes de contacto est\u00e9ticos, pr\u00f3tesis capilares (o extensiones), computadoras personales o cualquier otro objeto no citado pero claramente innecesario en el contexto institucional. La Instituci\u00f3n suministrar\u00e1 al estudiante que lo solicite y verdaderamente precise sin necesidad de utilizar ning\u00fan dispositivo personal.<\/li>\n<li>La recepci\u00f3n de la Instituci\u00f3n no puede entregar directamente a los estudiantes elementos personales como: medicamentos, enseres, alimentos, material de estudio, etc.<\/li>\n<\/ol>\n<h2>Puntualidad y asistencia<\/h2>\n<p>HORARIOS: Entrada: 7:30 horas Salida: 13:20 horas.<\/p>\n<p>Los horarios de entrada y salida de las clases de Educaci\u00f3n F\u00edsica depender\u00e1n de cada grupo de trabajo.<\/p>\n<p>El estudiante que llegue despu\u00e9s del toque de timbre tendr\u00e1 media falta. Despu\u00e9s de 15 minutos, se lo computar\u00e1 en la p\u00e1gina de inasistencias. La ausencia a las clases de Educaci\u00f3n F\u00edsica, si el estudiante concurri\u00f3 a clases ese mismo d\u00eda, equivale tambi\u00e9n a media falta.<\/p>\n<p>La solicitud para retirar a un estudiante de la Instituci\u00f3n deber\u00e1 hacerse con, por lo menos, 24 horas de anticipaci\u00f3n. S\u00f3lo se autorizar\u00e1 el retiro de los estudiantes con la presencia del padre, madre, tutor o adulto autorizado. Se dejar\u00e1 constancia escrita del retiro del estudiante a qui\u00e9n se le computar\u00e1 una inasistencia si retirase antes de las 10:00 horas y 1\/2 inasistencia si lo hace despu\u00e9s. Toda solicitud y\/o autorizaci\u00f3n de los padres deber\u00e1 estar fechada y firmada con aclaraci\u00f3n de firma. Los estudiantes que se retiren anticipadamente deber\u00e1n cumplir con los requisitos de las materias del d\u00eda.<\/p>\n<p>Por d\u00eda, en total, se computar\u00e1 al estudiante un m\u00e1ximo de 1 (una) inasistencia, a\u00fan en los casos que la suma sea mayor.<\/p>\n<p>Las inasistencias por enfermedad ser\u00e1n regidas por las disposiciones vigentes.<\/p>\n<p>El estudiante que falte a clase cuando se rindan evaluaciones orales anunciadas con anticipaci\u00f3n, deber\u00e1 avisar en el d\u00eda y presentar justificativo medico al reintegrarse a la Instituci\u00f3n.<\/p>\n<p>El estudiante no podr\u00e1 realizar actividades f\u00edsicas hasta tanto no haya presentado la ficha de salud provistas, sumando mientras tanto las inasistencias correspondientes.<\/p>\n<p>Cuando la Instituci\u00f3n organice celebraciones con motivo de festejar actos patrios o religiosos, la asistencia de los estudiantes ser\u00e1 de car\u00e1cter obligatorio.<\/p>\n<p>La asistencia de los estudiantes a convivencias y campamentos es primordial y obligatoria porque contribuye a su formaci\u00f3n integral.<\/p>\n<h2>Comunicaciones Instituci\u00f3n &#8211; Padres<\/h2>\n<p>El colegio se comunicara con las familias o padres a trav\u00e9s de un Cuaderno Oficial de Comunicaciones. Por su intermedio, recibir\u00e1n regularmente informaci\u00f3n y deber\u00e1n notificarse de las mismas. La existencia de un Cuaderno Oficial de Comunicaciones no impide que existan otros medios de comunicaci\u00f3n.<\/p>\n<p>Los Padres, Madres o Tutores que deseen hablar con los Directivos, Docentes o Preceptores sobre el desempe\u00f1o de su hijo\/a deber\u00e1n hacer su pedido de entrevista con antelaci\u00f3n y por escrito, para su mejor atenci\u00f3n.<\/p>\n<p>Es de vital importancia que los padres asistan a las entrevistas, reuniones, actos institucionales y Misas, para acompa\u00f1ar a sus hijos en el proceso educativo.<\/p>\n<h2>Comportamiento de estudiantes y familia. Matriculaci\u00f3n<\/h2>\n<p>La conducta y actitudes de los estudiantes, fundamentalmente el respeto, la responsabilidad, la colaboraci\u00f3n y el esp\u00edritu de servicio, revisten gran importancia desde el punto de vista educativo. Cuando, por alguna raz\u00f3n, las actitudes de los estudiantes no coincidan con los objetivos propuestos por la Instituci\u00f3n, las respectivas Autoridades de cada nivel tomar\u00e1n las medidas que consideren convenientes.<\/p>\n<p>En todo momento, LA INSTITUCI\u00d3N se reserva el derecho de rematriculaci\u00f3n.<\/p>\n<p>LA INSTITUCI\u00d3N mantiene vigente la norma interna por la cual aquel estudiante que, por no haber aprobado el n\u00famero de materias requeridas reglamentariamente para ser promovido al curso inmediato superior, se encuentra en calidad de repitente y debe abandonar el Colegio. Excepcionalmente, si es solicitado por los padres, las Autoridades de la Instituci\u00f3n, siguiendo procedimientos definidos podr\u00e1n resolver por consenso su permanencia en la Instituci\u00f3n.<\/p>\n<h2>Circuitos de comunicaci\u00f3n institucional<\/h2>\n<p>Seg\u00fan sea la necesidad del tr\u00e1mite, en todos los casos la encargada de realizar la derivaci\u00f3n de los interesados es la recepcionista.<\/p>\n<p>La entrevista con el Representante y\/o Apoderado Legal se reserva como \u00faltima instancia en el circuito de comunicaci\u00f3n. Para las entrevistas con los Directivos se han fijado los d\u00edas martes y jueves de 8.30 a 10.30, previa confirmaci\u00f3n con la recepcionista.<\/p>\n<p>El mismo procedimiento debe realizarse para solicitar entrevistas con el Secretario y con el Servicio de Orientaci\u00f3n y Asesor\u00eda Pedag\u00f3gica.<br \/>\nEn caso de necesitar dialogar con alg\u00fan Docente, se debe pedir en recepci\u00f3n el horario de consulta establecido para cada uno y luego acordar con la recepcionista el momento de la entrevista.<\/p>\n<p>En el nivel secundario, el Preceptor es siempre el primer contacto ante cualquier inquietud. Su consulta la puede realizar a diario con el solo aviso en recepci\u00f3n.<\/p>\n<h2>Suspensi\u00f3n de actividades de educaci\u00f3n f\u00edsica<\/h2>\n<p>La presencia de viento zonda, temperaturas extremas (fr\u00edo o calor), especialmente las que se encuentren por debajo de los +3\u00b0C, lluvias, nevadas y cualquier otro tipo de fen\u00f3meno clim\u00e1tico o imponderable son los motivos habituales por los cuales se suspenden las actividades en la Villa Mercedaria.<\/p>\n<h2>Bases del reglamento para campamentos<\/h2>\n<table border=\"0\" width=\"100%\">\n<tbody>\n<tr>\n<td>\n<h4>Estudiantes<\/h4>\n<\/td>\n<td>Se considera que los estudiantes que no concurran a un campamento por razones de fuerza mayor, no asisten a clase y tendr\u00e1n ausente.<\/td>\n<\/tr>\n<tr>\n<td>\n<h4>Acompa\u00f1antes<\/h4>\n<\/td>\n<td>Los estudiantes ser\u00e1n acompa\u00f1ados por sus tutores, catequistas y profesores dedicados especialmente a esta actividad.<\/p>\n<p>El Campo Base de Acampada contar\u00e1 con personal de seguridad especialmente contratado para esta actividad.<\/td>\n<\/tr>\n<tr>\n<td>\n<h4>Vestimenta, objetos y alimentos<\/h4>\n<\/td>\n<td>Los estudiantes llevar\u00e1n vestimenta informal y acorde a los objetivos que propone la convivencia grupal.<\/p>\n<p>Los estudiantes recibir\u00e1n una lista de los objetos que es necesario llevar, los cuales deber\u00e1n tener su correspondiente identificaci\u00f3n.<\/p>\n<p>Est\u00e1 terminantemente prohibido llevar o consumir bebidas alcoh\u00f3licas o cigarrillos.<br \/>\nCada estudiante se har\u00e1 responsable de los objetos de valor que lleve.<\/td>\n<\/tr>\n<tr>\n<td>\n<h4>Normas<\/h4>\n<\/td>\n<td>Los participantes deber\u00e1n cumplir con las normas de convivencia explicitadas en el Reglamento Interno.<\/p>\n<p>Se aclara que los estudiantes no podr\u00e1n salir del lugar ni recibir visitas no establecidas.<br \/>\nLos docentes responsables del campamento pueden arbitrar medidas adecuadas para el mejor logro de los objetivos propuestos.<\/td>\n<\/tr>\n<\/tbody>\n<\/table>\n<div class=\"pdfprnt-buttons pdfprnt-buttons-page pdfprnt-bottom-right\"><a href=\"https:\/\/padrevasquez.com.ar\/inicio_WP\/wp-json\/wp\/v2\/pages\/333?print=pdf\" class=\"pdfprnt-button pdfprnt-button-pdf\" target=\"_blank\"><img src=\"https:\/\/padrevasquez.com.ar\/inicio_WP\/wp-content\/plugins\/pdf-print\/images\/pdf.png\" alt=\"image_pdf\" title=\"View PDF\" \/><span class=\"pdfprnt-button-title pdfprnt-button-pdf-title\">Convertir a PDF<\/span><\/a><a href=\"https:\/\/padrevasquez.com.ar\/inicio_WP\/wp-json\/wp\/v2\/pages\/333?print=print\" class=\"pdfprnt-button pdfprnt-button-print\" target=\"_blank\"><img src=\"https:\/\/padrevasquez.com.ar\/inicio_WP\/wp-content\/plugins\/pdf-print\/images\/print.png\" alt=\"image_print\" title=\"Print Content\" \/><span class=\"pdfprnt-button-title pdfprnt-button-print-title\">Imprimir<\/span><\/a><\/div>","protected":false},"excerpt":{"rendered":"<p>Manual para Padres y Estudiantes En lo que sigue, cuando se de diga &#8220;LA INSTITUCI\u00d3N&#8221;, se debe entender al &#8220;Colegio e Instituto Privado Padre V\u00e1squez&#8221;, sea en el Nivel Inicial, Nivel Primario y\/o Nivel Secundario, seg\u00fan corresponda. La Orden de la Merced es la propietaria legal de LA INSTITUCI\u00d3N. Con el objetivo de crear en los estudiantes el sentido de responsabilidad y atenci\u00f3n que el estudio exige, as\u00ed como tambi\u00e9n un b\u00e1sico sentido de seguridad e igualdad en la diversidad, <a href=\"https:\/\/padrevasquez.com.ar\/inicio_WP\/manual-para-padres-y-estudiantes\/\" class=\"more-link\"><span>. . .<\/span><\/a><\/p>\n","protected":false},"author":1,"featured_media":0,"parent":0,"menu_order":0,"comment_status":"closed","ping_status":"closed","template":"","meta":{"_themeisle_gutenberg_block_has_review":false},"_links":{"self":[{"href":"https:\/\/padrevasquez.com.ar\/inicio_WP\/wp-json\/wp\/v2\/pages\/333"}],"collection":[{"href":"https:\/\/padrevasquez.com.ar\/inicio_WP\/wp-json\/wp\/v2\/pages"}],"about":[{"href":"https:\/\/padrevasquez.com.ar\/inicio_WP\/wp-json\/wp\/v2\/types\/page"}],"author":[{"embeddable":true,"href":"https:\/\/padrevasquez.com.ar\/inicio_WP\/wp-json\/wp\/v2\/users\/1"}],"replies":[{"embeddable":true,"href":"https:\/\/padrevasquez.com.ar\/inicio_WP\/wp-json\/wp\/v2\/comments?post=333"}],"version-history":[{"count":4,"href":"https:\/\/padrevasquez.com.ar\/inicio_WP\/wp-json\/wp\/v2\/pages\/333\/revisions"}],"predecessor-version":[{"id":1283,"href":"https:\/\/padrevasquez.com.ar\/inicio_WP\/wp-json\/wp\/v2\/pages\/333\/revisions\/1283"}],"wp:attachment":[{"href":"https:\/\/padrevasquez.com.ar\/inicio_WP\/wp-json\/wp\/v2\/media?parent=333"}],"curies":[{"name":"wp","href":"https:\/\/api.w.org\/{rel}","templated":true}]}}