{"id":337,"date":"2017-09-22T19:12:49","date_gmt":"2017-09-22T22:12:49","guid":{"rendered":"http:\/\/padrevasquez.com.ar\/inicio_WP\/?page_id=337"},"modified":"2020-11-11T10:08:49","modified_gmt":"2020-11-11T13:08:49","slug":"recursos","status":"publish","type":"page","link":"https:\/\/padrevasquez.com.ar\/inicio_WP\/recursos\/","title":{"rendered":"Recursos"},"content":{"rendered":"<h1 style=\"text-align: center;\">Recursos<\/h1>\n<p>En lo que sigue, cuando se de diga &#8220;LA INSTITUCI\u00d3N&#8221;, se debe entender al &#8220;Colegio e Instituto Privado Padre V\u00e1squez&#8221;, sea en el Nivel Inicial, Nivel Primario y\/o Nivel Secundario, seg\u00fan corresponda. La Orden de la Merced es la propietaria legal de LA INSTITUCI\u00d3N.<\/p>\n<p>En este espacio se congrega informaci\u00f3n sobre m\u00faltiples recursos que LA INSTITUCI\u00d3N pone a disposici\u00f3n de los Docentes y de la comunidad educativa.<\/p>\n<table border=\"0\" width=\"100%\">\n<tbody>\n<tr>\n<td>\n<h3>Correo institucional<\/h3>\n<\/td>\n<td>Acceso al correo institucional para los Docentes<\/td>\n<td><a href=\"http:\/\/mail.padrevasquez.com.ar\/\" target=\"_blank\" rel=\"noopener noreferrer\"><img loading=\"lazy\" class=\"aligncenter\" src=\"http:\/\/padrevasquez.com.ar\/inicio_WP\/wp-content\/uploads\/2017\/09\/correo.png\" alt=\"Correo institucional\" width=\"270\" height=\"110\" \/><\/a><\/td>\n<\/tr>\n<tr>\n<td>\n<h3>Administraci\u00f3n de la Sala de Inform\u00e1tica<\/h3>\n<\/td>\n<td>Administraci\u00f3n y organizaci\u00f3n de la Sala de Inform\u00e1tica<\/td>\n<td> <a href=\"http:\/\/padrevasquez.com.ar\/CSala\/index.html\" target=\"_blank\" rel=\"noopener noreferrer\"><img loading=\"lazy\" class=\" aligncenter\" src=\"http:\/\/padrevasquez.com.ar\/inicio_WP\/wp-content\/uploads\/2017\/09\/admin.png\" alt=\"Administrador\" width=\"142\" height=\"58\" \/><\/a><\/td>\n<\/tr>\n<p><!--\n\n\n<tr>\n\n\n<td>\n\n\n<h3>Campus Virtual<\/h3>\n\n\n<\/td>\n\n\n\n\n<td>Donde los docentes podr\u00e1n preparar cursos para que los estudiantes puedan reforzar los temas tratados en clases presenciales<\/td>\n\n\n\n\n<td> <a href=\"https:\/\/padrevasquez.com.ar\/LMS_WP\/\" target=\"_blank\" rel=\"noopener noreferrer\"><img loading=\"lazy\" class=\"aligncenter\" src=\"http:\/\/padrevasquez.com.ar\/inicio_WP\/wp-content\/uploads\/2017\/09\/campus2.png\" alt=\"Campus virtual\" width=\"76\" height=\"76\" \/><\/a><\/td>\n\n\n<\/tr>\n\n\n--><\/p>\n<tr>\n<td>\n<h3>Gestor Institucional SOAP<\/h3>\n<\/td>\n<td>Herramienta vinculada a la organizaci\u00f3n general del servicio de orientaci\u00f3n y asistencia pedag\u00f3gica de la Instituci\u00f3n<\/td>\n<td> <a href=\"http:\/\/padrevasquez.com.ar\/AdminSOAP\/index.html\" target=\"_blank\" rel=\"noopener noreferrer\"><img loading=\"lazy\" class=\"alignnone size-medium\" src=\"http:\/\/padrevasquez.com.ar\/inicio_WP\/wp-content\/uploads\/2017\/09\/nenes.png\" alt=\"SOAP\" width=\"128\" height=\"128\" \/><\/a><\/td>\n<\/tr>\n<tr>\n<td>\n<h3>Gesti\u00f3n TIC&#8217;s<\/h3>\n<\/td>\n<td>Herramienta vinculada al mantenimiento y gesti\u00f3n del parque inform\u00e1tico y recursos asociados de la Instituci\u00f3n<\/td>\n<td> <a href=\"http:\/\/padrevasquez.com.ar\/glpiIPV\/index.html\" target=\"_blank\" rel=\"noopener noreferrer\"><img loading=\"lazy\" class=\"size-medium aligncenter\" src=\"http:\/\/padrevasquez.com.ar\/inicio_WP\/wp-content\/uploads\/2017\/09\/mantenimiento.png\" alt=\"Mantenimiento\" width=\"128\" height=\"128\" \/><\/a><\/td>\n<\/tr>\n<\/tbody>\n<\/table>\n<p>&nbsp;<\/p>\n<div class=\"pdfprnt-buttons pdfprnt-buttons-page pdfprnt-bottom-right\"><a href=\"https:\/\/padrevasquez.com.ar\/inicio_WP\/wp-json\/wp\/v2\/pages\/337?print=pdf\" class=\"pdfprnt-button pdfprnt-button-pdf\" target=\"_blank\"><img src=\"https:\/\/padrevasquez.com.ar\/inicio_WP\/wp-content\/plugins\/pdf-print\/images\/pdf.png\" alt=\"image_pdf\" title=\"View PDF\" \/><span class=\"pdfprnt-button-title pdfprnt-button-pdf-title\">Convertir a PDF<\/span><\/a><a href=\"https:\/\/padrevasquez.com.ar\/inicio_WP\/wp-json\/wp\/v2\/pages\/337?print=print\" class=\"pdfprnt-button pdfprnt-button-print\" target=\"_blank\"><img src=\"https:\/\/padrevasquez.com.ar\/inicio_WP\/wp-content\/plugins\/pdf-print\/images\/print.png\" alt=\"image_print\" title=\"Print Content\" \/><span class=\"pdfprnt-button-title pdfprnt-button-print-title\">Imprimir<\/span><\/a><\/div>","protected":false},"excerpt":{"rendered":"<p>Recursos En lo que sigue, cuando se de diga &#8220;LA INSTITUCI\u00d3N&#8221;, se debe entender al &#8220;Colegio e Instituto Privado Padre V\u00e1squez&#8221;, sea en el Nivel Inicial, Nivel Primario y\/o Nivel Secundario, seg\u00fan corresponda. La Orden de la Merced es la propietaria legal de LA INSTITUCI\u00d3N. En este espacio se congrega informaci\u00f3n sobre m\u00faltiples recursos que LA INSTITUCI\u00d3N pone a disposici\u00f3n de los Docentes y de la comunidad educativa. Correo institucional Acceso al correo institucional para los Docentes Administraci\u00f3n de la <a href=\"https:\/\/padrevasquez.com.ar\/inicio_WP\/recursos\/\" class=\"more-link\"><span>. . .<\/span><\/a><\/p>\n","protected":false},"author":1,"featured_media":0,"parent":0,"menu_order":0,"comment_status":"closed","ping_status":"closed","template":"","meta":{"_themeisle_gutenberg_block_has_review":false},"_links":{"self":[{"href":"https:\/\/padrevasquez.com.ar\/inicio_WP\/wp-json\/wp\/v2\/pages\/337"}],"collection":[{"href":"https:\/\/padrevasquez.com.ar\/inicio_WP\/wp-json\/wp\/v2\/pages"}],"about":[{"href":"https:\/\/padrevasquez.com.ar\/inicio_WP\/wp-json\/wp\/v2\/types\/page"}],"author":[{"embeddable":true,"href":"https:\/\/padrevasquez.com.ar\/inicio_WP\/wp-json\/wp\/v2\/users\/1"}],"replies":[{"embeddable":true,"href":"https:\/\/padrevasquez.com.ar\/inicio_WP\/wp-json\/wp\/v2\/comments?post=337"}],"version-history":[{"count":12,"href":"https:\/\/padrevasquez.com.ar\/inicio_WP\/wp-json\/wp\/v2\/pages\/337\/revisions"}],"predecessor-version":[{"id":1295,"href":"https:\/\/padrevasquez.com.ar\/inicio_WP\/wp-json\/wp\/v2\/pages\/337\/revisions\/1295"}],"wp:attachment":[{"href":"https:\/\/padrevasquez.com.ar\/inicio_WP\/wp-json\/wp\/v2\/media?parent=337"}],"curies":[{"name":"wp","href":"https:\/\/api.w.org\/{rel}","templated":true}]}}